{"id":5723,"date":"2022-09-12T20:01:38","date_gmt":"2022-09-12T18:01:38","guid":{"rendered":"https:\/\/unverredeau.com\/?page_id=5723"},"modified":"2025-12-20T14:37:19","modified_gmt":"2025-12-20T13:37:19","slug":"articles","status":"publish","type":"page","link":"https:\/\/unverredeau.com\/en\/articles\/","title":{"rendered":"Articles and news"},"content":{"rendered":"<div class=\"wp-block-cover alignfull is-light\" style=\"min-height:800px;aspect-ratio:unset;\"><img loading=\"lazy\" decoding=\"async\" width=\"1280\" height=\"720\" data-attachment-id=\"5733\" data-permalink=\"https:\/\/unverredeau.com\/en\/articles\/vlcsnap-2022-05-15-13h10m35s748\/#main\" data-orig-file=\"https:\/\/unverredeau.com\/wp-content\/uploads\/2022\/09\/vlcsnap-2022-05-15-13h10m35s748.png\" data-orig-size=\"1280,720\" data-comments-opened=\"1\" data-image-meta=\"{&quot;aperture&quot;:&quot;0&quot;,&quot;credit&quot;:&quot;&quot;,&quot;camera&quot;:&quot;&quot;,&quot;caption&quot;:&quot;&quot;,&quot;created_timestamp&quot;:&quot;0&quot;,&quot;copyright&quot;:&quot;&quot;,&quot;focal_length&quot;:&quot;0&quot;,&quot;iso&quot;:&quot;0&quot;,&quot;shutter_speed&quot;:&quot;0&quot;,&quot;title&quot;:&quot;&quot;,&quot;orientation&quot;:&quot;0&quot;}\" data-image-title=\"vlcsnap-2022-05-15-13h10m35s748\" data-image-description=\"\" data-image-caption=\"\" data-large-file=\"https:\/\/unverredeau.com\/wp-content\/uploads\/2022\/09\/vlcsnap-2022-05-15-13h10m35s748-1024x576.png\" class=\"wp-block-cover__image-background wp-image-5733\" alt=\"\" src=\"https:\/\/unverredeau.com\/wp-content\/uploads\/2022\/09\/vlcsnap-2022-05-15-13h10m35s748.png\" style=\"object-position:50% 10%\" data-object-fit=\"cover\" data-object-position=\"50% 10%\" srcset=\"https:\/\/unverredeau.com\/wp-content\/uploads\/2022\/09\/vlcsnap-2022-05-15-13h10m35s748.png 1280w, https:\/\/unverredeau.com\/wp-content\/uploads\/2022\/09\/vlcsnap-2022-05-15-13h10m35s748-300x169.png 300w, https:\/\/unverredeau.com\/wp-content\/uploads\/2022\/09\/vlcsnap-2022-05-15-13h10m35s748-1024x576.png 1024w, https:\/\/unverredeau.com\/wp-content\/uploads\/2022\/09\/vlcsnap-2022-05-15-13h10m35s748-768x432.png 768w, https:\/\/unverredeau.com\/wp-content\/uploads\/2022\/09\/vlcsnap-2022-05-15-13h10m35s748-1200x675.png 1200w\" sizes=\"auto, (max-width: 1280px) 100vw, 1280px\" \/><span aria-hidden=\"true\" class=\"wp-block-cover__background has-background-dim-20 has-background-dim\"><\/span><div class=\"wp-block-cover__inner-container is-layout-flow wp-block-cover-is-layout-flow\">\n<h1 class=\"wp-block-heading has-text-align-center has-base-2-color has-text-color\">Articles and news<\/h1>\n<\/div><\/div>\n\n\n\n<div style=\"height:100px\" aria-hidden=\"true\" class=\"wp-block-spacer\"><\/div>\n\n\n\n<div class=\"wp-block-columns is-layout-flex wp-container-core-columns-is-layout-8f761849 wp-block-columns-is-layout-flex\">\n<div class=\"wp-block-column is-layout-flow wp-block-column-is-layout-flow\">\n<figure class=\"wp-block-image size-large\"><a href=\"https:\/\/unverredeau.com\/en\/visite-au-village-des-sourire-a-madagascar\/\" target=\"_blank\" rel=\" noreferrer noopener\"><img loading=\"lazy\" decoding=\"async\" width=\"1024\" height=\"683\" data-attachment-id=\"14021\" data-permalink=\"https:\/\/unverredeau.com\/en\/articles\/d71p8212-copie\/#main\" data-orig-file=\"https:\/\/unverredeau.com\/wp-content\/uploads\/2025\/12\/D71P8212-copie.jpg\" data-orig-size=\"3888,2592\" data-comments-opened=\"1\" data-image-meta=\"{&quot;aperture&quot;:&quot;8&quot;,&quot;credit&quot;:&quot;&quot;,&quot;camera&quot;:&quot;Canon EOS-1D Mark IV&quot;,&quot;caption&quot;:&quot;&quot;,&quot;created_timestamp&quot;:&quot;1745488579&quot;,&quot;copyright&quot;:&quot;&quot;,&quot;focal_length&quot;:&quot;300&quot;,&quot;iso&quot;:&quot;100&quot;,&quot;shutter_speed&quot;:&quot;0.0025&quot;,&quot;title&quot;:&quot;&quot;,&quot;orientation&quot;:&quot;1&quot;}\" data-image-title=\"D71P8212 copie\" data-image-description=\"\" data-image-caption=\"\" data-large-file=\"https:\/\/unverredeau.com\/wp-content\/uploads\/2025\/12\/D71P8212-copie-1024x683.jpg\" src=\"https:\/\/unverredeau.com\/wp-content\/uploads\/2025\/12\/D71P8212-copie-1024x683.jpg\" alt=\"\" class=\"wp-image-14021\" srcset=\"https:\/\/unverredeau.com\/wp-content\/uploads\/2025\/12\/D71P8212-copie-1024x683.jpg 1024w, https:\/\/unverredeau.com\/wp-content\/uploads\/2025\/12\/D71P8212-copie-300x200.jpg 300w, https:\/\/unverredeau.com\/wp-content\/uploads\/2025\/12\/D71P8212-copie-768x512.jpg 768w, https:\/\/unverredeau.com\/wp-content\/uploads\/2025\/12\/D71P8212-copie-1536x1024.jpg 1536w, https:\/\/unverredeau.com\/wp-content\/uploads\/2025\/12\/D71P8212-copie-2048x1365.jpg 2048w, https:\/\/unverredeau.com\/wp-content\/uploads\/2025\/12\/D71P8212-copie-18x12.jpg 18w, https:\/\/unverredeau.com\/wp-content\/uploads\/2025\/12\/D71P8212-copie-1200x800.jpg 1200w\" sizes=\"auto, (max-width: 1024px) 100vw, 1024px\" \/><\/a><\/figure>\n\n\n\n<h2 class=\"wp-block-heading has-text-align-center\"><a href=\"https:\/\/unverredeau.com\/en\/visite-au-village-des-sourire-a-madagascar\/\" target=\"_blank\" rel=\"noreferrer noopener\">Des nouvelles du Village des Sourires  Madagascar<\/a><\/h2>\n\n\n\n<p class=\"wp-block-paragraph\"><a href=\"https:\/\/unverredeau.com\/en\/visite-au-village-des-sourire-a-madagascar\/\" target=\"_blank\" rel=\"noreferrer noopener\"><mark style=\"background-color:rgba(0, 0, 0, 0)\" class=\"has-inline-color has-contrast-color\">Le temps a pass\u00e9, et nous avons \u00e9t\u00e9 silencieux\u2026 La sant\u00e9 nous a impos\u00e9 une pause. Mais<br>aujourd\u2019hui, c\u2019est avec le c\u0153ur plein d\u2019\u00e9motion que nous revenons vers vous.<br>Gr\u00e2ce \u00e0 votre g\u00e9n\u00e9rosit\u00e9, le Village des Sourires \u00e0 Madagascar est sur le point d\u2019ouvrir<br>ses portes aux enfants.<br>Un lieu d\u2019amour, de dignit\u00e9, et d\u2019avenir\u2026<br>Ce que vous avez permis est bouleversant.<br>Merci de tout c\u0153ur,<\/mark><\/a><br><br>Anne &amp; Luc<br>Un Verre d\u2019Eau<\/p>\n<\/div>\n\n\n\n<div class=\"wp-block-column is-layout-flow wp-block-column-is-layout-flow\">\n<figure class=\"wp-block-image size-full\"><a href=\"https:\/\/unverredeau.com\/en\/nouvelles-de-madagascar\/\" target=\"_blank\" rel=\" noreferrer noopener\"><img loading=\"lazy\" decoding=\"async\" width=\"708\" height=\"472\" data-attachment-id=\"14031\" data-permalink=\"https:\/\/unverredeau.com\/en\/un-verre-deau-2400-sourires-1-3\/\" data-orig-file=\"https:\/\/unverredeau.com\/wp-content\/uploads\/2025\/12\/Un-Verre-dEau-2400-Sourires-1-edited.jpg\" data-orig-size=\"708,472\" data-comments-opened=\"1\" data-image-meta=\"{&quot;aperture&quot;:&quot;0&quot;,&quot;credit&quot;:&quot;&quot;,&quot;camera&quot;:&quot;&quot;,&quot;caption&quot;:&quot;&quot;,&quot;created_timestamp&quot;:&quot;0&quot;,&quot;copyright&quot;:&quot;&quot;,&quot;focal_length&quot;:&quot;0&quot;,&quot;iso&quot;:&quot;0&quot;,&quot;shutter_speed&quot;:&quot;0&quot;,&quot;title&quot;:&quot;&quot;,&quot;orientation&quot;:&quot;0&quot;}\" data-image-title=\"Un-Verre-dEau-2400-Sourires-1\" data-image-description=\"\" data-image-caption=\"\" data-large-file=\"https:\/\/unverredeau.com\/wp-content\/uploads\/2025\/12\/Un-Verre-dEau-2400-Sourires-1-edited.jpg\" src=\"https:\/\/unverredeau.com\/wp-content\/uploads\/2025\/12\/Un-Verre-dEau-2400-Sourires-1-edited.jpg\" alt=\"\" class=\"wp-image-14031\" srcset=\"https:\/\/unverredeau.com\/wp-content\/uploads\/2025\/12\/Un-Verre-dEau-2400-Sourires-1-edited.jpg 708w, https:\/\/unverredeau.com\/wp-content\/uploads\/2025\/12\/Un-Verre-dEau-2400-Sourires-1-edited-300x200.jpg 300w, https:\/\/unverredeau.com\/wp-content\/uploads\/2025\/12\/Un-Verre-dEau-2400-Sourires-1-edited-18x12.jpg 18w\" sizes=\"auto, (max-width: 708px) 100vw, 708px\" \/><\/a><\/figure>\n\n\n\n<h2 class=\"wp-block-heading has-text-align-center\"><a href=\"https:\/\/unverredeau.com\/en\/nouvelles-de-madagascar\/\" target=\"_blank\" rel=\"noreferrer noopener\">Avant les murs, il y a la pr\u00e9sence.<\/a><\/h2>\n\n\n\n<p class=\"wp-block-paragraph\"><a href=\"https:\/\/unverredeau.com\/en\/nouvelles-de-madagascar\/\" target=\"_blank\" rel=\"noreferrer noopener\"><mark style=\"background-color:rgba(0, 0, 0, 0)\" class=\"has-inline-color has-contrast-color\">Un peu avant les f\u00eates de fin d\u2019ann\u00e9e, j\u2019ai eu envie de partager un petit film re\u00e7u de Madagascar.<br>Il raconte une histoire simple et forte : celle de personnes qui ont choisi d\u2019\u00eatre l\u00e0, aupr\u00e8s d\u2019enfants parmi les plus d\u00e9munis, bien avant que les projets ne prennent forme.<\/mark><\/a><\/p>\n\n\n\n<p class=\"wp-block-paragraph\"><a href=\"https:\/\/unverredeau.com\/en\/nouvelles-de-madagascar\/\" target=\"_blank\" rel=\"noreferrer noopener\"><mark style=\"background-color:rgba(0, 0, 0, 0)\" class=\"has-inline-color has-contrast-color\">Connaissant la sensibilit\u00e9 de beaucoup d\u2019entre vous, il m\u2019a sembl\u00e9 naturel de la partager ici.<\/mark><\/a><\/p>\n<\/div>\n\n\n\n<div class=\"wp-block-column is-layout-flow wp-block-column-is-layout-flow\"><\/div>\n<\/div>\n\n\n\n<div style=\"height:27px\" aria-hidden=\"true\" class=\"wp-block-spacer\"><\/div>\n\n\n\n<div class=\"wp-block-columns is-layout-flex wp-container-core-columns-is-layout-8f761849 wp-block-columns-is-layout-flex\">\n<div class=\"wp-block-column is-layout-flow wp-block-column-is-layout-flow\">\n<figure class=\"wp-block-image size-large\"><a href=\"https:\/\/unverredeau.com\/en\/journee-pyjama\/\"><img loading=\"lazy\" decoding=\"async\" width=\"3024\" height=\"3024\" data-attachment-id=\"7582\" data-permalink=\"https:\/\/unverredeau.com\/en\/img_1644-2\/\" data-orig-file=\"https:\/\/unverredeau.com\/wp-content\/uploads\/2023\/03\/IMG_1644-edited.jpg\" data-orig-size=\"3024,3024\" data-comments-opened=\"1\" data-image-meta=\"{&quot;aperture&quot;:&quot;1.8&quot;,&quot;credit&quot;:&quot;&quot;,&quot;camera&quot;:&quot;iPhone X&quot;,&quot;caption&quot;:&quot;&quot;,&quot;created_timestamp&quot;:&quot;1666625139&quot;,&quot;copyright&quot;:&quot;&quot;,&quot;focal_length&quot;:&quot;4&quot;,&quot;iso&quot;:&quot;32&quot;,&quot;shutter_speed&quot;:&quot;0.03030303030303&quot;,&quot;title&quot;:&quot;&quot;,&quot;orientation&quot;:&quot;1&quot;}\" data-image-title=\"IMG_1644\" data-image-description=\"\" data-image-caption=\"\" data-large-file=\"https:\/\/unverredeau.com\/wp-content\/uploads\/2023\/03\/IMG_1644-edited-1024x1024.jpg\" src=\"https:\/\/unverredeau.com\/wp-content\/uploads\/2023\/03\/IMG_1644-edited.jpg\" alt=\"\" class=\"wp-image-7582\" srcset=\"https:\/\/unverredeau.com\/wp-content\/uploads\/2023\/03\/IMG_1644-edited.jpg 3024w, https:\/\/unverredeau.com\/wp-content\/uploads\/2023\/03\/IMG_1644-edited-300x300.jpg 300w, https:\/\/unverredeau.com\/wp-content\/uploads\/2023\/03\/IMG_1644-edited-1024x1024.jpg 1024w, https:\/\/unverredeau.com\/wp-content\/uploads\/2023\/03\/IMG_1644-edited-150x150.jpg?crop=1 150w, https:\/\/unverredeau.com\/wp-content\/uploads\/2023\/03\/IMG_1644-edited-768x768.jpg 768w, https:\/\/unverredeau.com\/wp-content\/uploads\/2023\/03\/IMG_1644-edited-1536x1536.jpg 1536w, https:\/\/unverredeau.com\/wp-content\/uploads\/2023\/03\/IMG_1644-edited-2048x2048.jpg 2048w, https:\/\/unverredeau.com\/wp-content\/uploads\/2023\/03\/IMG_1644-edited-1200x1200.jpg?crop=1 1200w, https:\/\/unverredeau.com\/wp-content\/uploads\/2023\/03\/IMG_1644-edited-800x800.jpg?crop=1 800w, https:\/\/unverredeau.com\/wp-content\/uploads\/2023\/03\/IMG_1644-edited-400x400.jpg?crop=1 400w, https:\/\/unverredeau.com\/wp-content\/uploads\/2023\/03\/IMG_1644-edited-200x200.jpg?crop=1 200w\" sizes=\"auto, (max-width: 3024px) 100vw, 3024px\" \/><\/a><\/figure>\n\n\n\n<div style=\"height:30px\" aria-hidden=\"true\" class=\"wp-block-spacer\"><\/div>\n\n\n\n<h2 class=\"wp-block-heading\"><a href=\"https:\/\/unverredeau.com\/en\/journee-pyjama\/\">10 March is a special day - I'm going to work in my pyjamas...<\/a><\/h2>\n\n\n\n<p class=\"has-small-font-size wp-block-paragraph\"><em>March 8, 2023<\/em><\/p>\n\n\n\n<p class=\"wp-block-paragraph\">Ce n&rsquo;est pas par flemme de mettre mon costard ou parce que mon r\u00e9veil n&rsquo;a pas sonn\u00e9 ce matin (bien que \u00e7a m&rsquo;arrive trop souvent) mais pour soutenir une cause qui nous tient tout particuli\u00e8rement \u00e0 c\u0153ur \u00e0 Un Verre d&rsquo;Eau.<\/p>\n\n\n\n<p class=\"wp-block-paragraph\">Pyjama Day is an event invented by our Belgian friends to raise awareness of the cause of children hospitalized for long periods.<strong> Participez avec nous \u00e0 cette journ\u00e9e un peu sp\u00e9ciale et gagnez peut-\u00eatre un magnifique pyjama \ud83d\ude09 !<\/strong><\/p>\n<\/div>\n\n\n\n<div class=\"wp-block-column is-layout-flow wp-block-column-is-layout-flow\">\n<figure class=\"wp-block-image size-full\"><a href=\"https:\/\/unverredeau.com\/en\/seisme-en-turquie-et-en-syrie\/\"><img loading=\"lazy\" decoding=\"async\" width=\"720\" height=\"720\" data-attachment-id=\"7024\" data-permalink=\"https:\/\/unverredeau.com\/en\/articles\/photo_2023-02-07_15-23-22_cropped\/#main\" data-orig-file=\"https:\/\/unverredeau.com\/wp-content\/uploads\/2023\/02\/photo_2023-02-07_15-23-22_cropped.jpg\" data-orig-size=\"720,720\" data-comments-opened=\"1\" data-image-meta=\"{&quot;aperture&quot;:&quot;0&quot;,&quot;credit&quot;:&quot;&quot;,&quot;camera&quot;:&quot;&quot;,&quot;caption&quot;:&quot;&quot;,&quot;created_timestamp&quot;:&quot;0&quot;,&quot;copyright&quot;:&quot;&quot;,&quot;focal_length&quot;:&quot;0&quot;,&quot;iso&quot;:&quot;0&quot;,&quot;shutter_speed&quot;:&quot;0&quot;,&quot;title&quot;:&quot;&quot;,&quot;orientation&quot;:&quot;0&quot;}\" data-image-title=\"photo_2023-02-07_15-23-22_cropped\" data-image-description=\"\" data-image-caption=\"\" data-large-file=\"https:\/\/unverredeau.com\/wp-content\/uploads\/2023\/02\/photo_2023-02-07_15-23-22_cropped.jpg\" src=\"https:\/\/unverredeau.com\/wp-content\/uploads\/2023\/02\/photo_2023-02-07_15-23-22_cropped.jpg\" alt=\"\" class=\"wp-image-7024\" srcset=\"https:\/\/unverredeau.com\/wp-content\/uploads\/2023\/02\/photo_2023-02-07_15-23-22_cropped.jpg 720w, https:\/\/unverredeau.com\/wp-content\/uploads\/2023\/02\/photo_2023-02-07_15-23-22_cropped-300x300.jpg 300w, https:\/\/unverredeau.com\/wp-content\/uploads\/2023\/02\/photo_2023-02-07_15-23-22_cropped-150x150.jpg?crop=1 150w, https:\/\/unverredeau.com\/wp-content\/uploads\/2023\/02\/photo_2023-02-07_15-23-22_cropped-400x400.jpg?crop=1 400w, https:\/\/unverredeau.com\/wp-content\/uploads\/2023\/02\/photo_2023-02-07_15-23-22_cropped-200x200.jpg?crop=1 200w\" sizes=\"auto, (max-width: 720px) 100vw, 720px\" \/><\/a><\/figure>\n\n\n\n<div style=\"height:30px\" aria-hidden=\"true\" class=\"wp-block-spacer\"><\/div>\n\n\n\n<h2 class=\"wp-block-heading\"><a href=\"https:\/\/unverredeau.com\/en\/seisme-en-turquie-et-en-syrie\/\">Every hour matters!<\/a><\/h2>\n\n\n\n<p class=\"has-small-font-size wp-block-paragraph\"><em>10 F\u00e9vrier 2023<\/em><\/p>\n\n\n\n<p class=\"wp-block-paragraph\" style=\"font-size:16px\">A magnitude 7.8 earthquake struck Turkey and northern Syria on Monday February 6, destroying several major cities, including Kahramanmaras at the epicenter and Aleppo in Syria. <strong>The latest death toll is at least 20,000 and rising!<\/strong><\/p>\n\n\n\n<p class=\"wp-block-paragraph\" style=\"font-size:16px\">Concern is now focused on the 300,000 people left homeless and without drinking water in the freezing cold and even in the snow. Every time there is a natural disaster <strong>trop nombreuses personnes meurent soit de maladies \u00e9vitables soit parce qu\u2019elles ont bu de l\u2019eau insalubre.<\/strong><\/p>\n<\/div>\n\n\n\n<div class=\"wp-block-column is-layout-flow wp-block-column-is-layout-flow\">\n<figure class=\"wp-block-image size-full\"><a href=\"https:\/\/unverredeau.com\/en\/de-lait-et-d-amour\/\"><img loading=\"lazy\" decoding=\"async\" width=\"720\" height=\"720\" data-attachment-id=\"7023\" data-permalink=\"https:\/\/unverredeau.com\/en\/articles\/vlcsnap-2022-05-15-13h01m43s971_cropped\/#main\" data-orig-file=\"https:\/\/unverredeau.com\/wp-content\/uploads\/2023\/02\/vlcsnap-2022-05-15-13h01m43s971_cropped.jpg\" data-orig-size=\"720,720\" data-comments-opened=\"1\" data-image-meta=\"{&quot;aperture&quot;:&quot;0&quot;,&quot;credit&quot;:&quot;&quot;,&quot;camera&quot;:&quot;&quot;,&quot;caption&quot;:&quot;&quot;,&quot;created_timestamp&quot;:&quot;0&quot;,&quot;copyright&quot;:&quot;&quot;,&quot;focal_length&quot;:&quot;0&quot;,&quot;iso&quot;:&quot;0&quot;,&quot;shutter_speed&quot;:&quot;0&quot;,&quot;title&quot;:&quot;&quot;,&quot;orientation&quot;:&quot;0&quot;}\" data-image-title=\"vlcsnap-2022-05-15-13h01m43s971_cropped\" data-image-description=\"\" data-image-caption=\"\" data-large-file=\"https:\/\/unverredeau.com\/wp-content\/uploads\/2023\/02\/vlcsnap-2022-05-15-13h01m43s971_cropped.jpg\" src=\"https:\/\/unverredeau.com\/wp-content\/uploads\/2023\/02\/vlcsnap-2022-05-15-13h01m43s971_cropped.jpg\" alt=\"\" class=\"wp-image-7023\" srcset=\"https:\/\/unverredeau.com\/wp-content\/uploads\/2023\/02\/vlcsnap-2022-05-15-13h01m43s971_cropped.jpg 720w, https:\/\/unverredeau.com\/wp-content\/uploads\/2023\/02\/vlcsnap-2022-05-15-13h01m43s971_cropped-300x300.jpg 300w, https:\/\/unverredeau.com\/wp-content\/uploads\/2023\/02\/vlcsnap-2022-05-15-13h01m43s971_cropped-150x150.jpg?crop=1 150w, https:\/\/unverredeau.com\/wp-content\/uploads\/2023\/02\/vlcsnap-2022-05-15-13h01m43s971_cropped-400x400.jpg?crop=1 400w, https:\/\/unverredeau.com\/wp-content\/uploads\/2023\/02\/vlcsnap-2022-05-15-13h01m43s971_cropped-200x200.jpg?crop=1 200w\" sizes=\"auto, (max-width: 720px) 100vw, 720px\" \/><\/a><\/figure>\n\n\n\n<div style=\"height:30px\" aria-hidden=\"true\" class=\"wp-block-spacer\"><\/div>\n\n\n\n<h2 class=\"wp-block-heading\"><a href=\"https:\/\/unverredeau.com\/en\/de-lait-et-d-amour\/\">De Lait et d&rsquo;Amour !<\/a><\/h2>\n\n\n\n<p class=\"has-small-font-size wp-block-paragraph\"><em>15 Janvier 2023<\/em><\/p>\n\n\n\n<p class=\"wp-block-paragraph\" style=\"font-size:16px\">Venue au Tchad \u00e0 l&rsquo;\u00e2ge de 20 ans, Monique Burkhardt s&rsquo;est vue confier deux nouveaux-n\u00e9s abandonn\u00e9s, vou\u00e9s \u00e0 une mort certaine. Pour elle et son mari Jeanpierre, c&rsquo;est le d\u00e9but d&rsquo;une grande histoire au service des orphelins tchadiens. Depuis, la petite structure a grandi et est devenue l&rsquo;orphelinat Betsaleel, qui sauvera et accompagnera plus de 150 enfants jusqu&rsquo;\u00e0 l&rsquo;\u00e2ge adulte.<\/p>\n\n\n\n<p class=\"wp-block-paragraph\" style=\"font-size:16px\">Le couple a poursuivi son \u0153uvre jusque dans la capitale \u00e0 N&rsquo;Djamena puis a pass\u00e9 le relais \u00e0 des \u00e9quipes locales. <strong>Apr\u00e8s 50 ans de mission, Monique revient sur l&rsquo;aventure exceptionnelle qui l&rsquo;a conduite avec son mari \u00e0 donner du lait et de l&rsquo;amour aux enfants orphelins du Tchad et \u00e0 les accompagner jusqu&rsquo;\u00e0 l&rsquo;\u00e2ge adulte.<\/strong><\/p>\n<\/div>\n<\/div>\n\n\n\n<div style=\"height:50px\" aria-hidden=\"true\" class=\"wp-block-spacer\"><\/div>\n\n\n\n<div class=\"wp-block-columns is-layout-flex wp-container-core-columns-is-layout-8f761849 wp-block-columns-is-layout-flex\">\n<div class=\"wp-block-column is-layout-flow wp-block-column-is-layout-flow\">\n<figure class=\"wp-block-image size-full\"><a href=\"https:\/\/unverredeau.com\/en\/articles-association-noc\/\"><img loading=\"lazy\" decoding=\"async\" width=\"813\" height=\"813\" data-attachment-id=\"5873\" data-permalink=\"https:\/\/unverredeau.com\/en\/capture-1-2\/\" data-orig-file=\"https:\/\/unverredeau.com\/wp-content\/uploads\/2022\/09\/Capture-1-edited.png\" data-orig-size=\"813,813\" data-comments-opened=\"1\" data-image-meta=\"{&quot;aperture&quot;:&quot;0&quot;,&quot;credit&quot;:&quot;&quot;,&quot;camera&quot;:&quot;&quot;,&quot;caption&quot;:&quot;&quot;,&quot;created_timestamp&quot;:&quot;0&quot;,&quot;copyright&quot;:&quot;&quot;,&quot;focal_length&quot;:&quot;0&quot;,&quot;iso&quot;:&quot;0&quot;,&quot;shutter_speed&quot;:&quot;0&quot;,&quot;title&quot;:&quot;&quot;,&quot;orientation&quot;:&quot;0&quot;}\" data-image-title=\"Capture-1\" data-image-description=\"\" data-image-caption=\"\" data-large-file=\"https:\/\/unverredeau.com\/wp-content\/uploads\/2022\/09\/Capture-1-edited.png\" src=\"https:\/\/unverredeau.com\/wp-content\/uploads\/2022\/09\/Capture-1-edited.png\" alt=\"\" class=\"wp-image-5873\" srcset=\"https:\/\/unverredeau.com\/wp-content\/uploads\/2022\/09\/Capture-1-edited.png 813w, https:\/\/unverredeau.com\/wp-content\/uploads\/2022\/09\/Capture-1-edited-300x300.png 300w, https:\/\/unverredeau.com\/wp-content\/uploads\/2022\/09\/Capture-1-edited-150x150.png?crop=1 150w, https:\/\/unverredeau.com\/wp-content\/uploads\/2022\/09\/Capture-1-edited-768x768.png 768w, https:\/\/unverredeau.com\/wp-content\/uploads\/2022\/09\/Capture-1-edited-800x800.png?crop=1 800w, https:\/\/unverredeau.com\/wp-content\/uploads\/2022\/09\/Capture-1-edited-400x400.png?crop=1 400w, https:\/\/unverredeau.com\/wp-content\/uploads\/2022\/09\/Capture-1-edited-200x200.png?crop=1 200w\" sizes=\"auto, (max-width: 813px) 100vw, 813px\" \/><\/a><\/figure>\n\n\n\n<div style=\"height:30px\" aria-hidden=\"true\" class=\"wp-block-spacer\"><\/div>\n\n\n\n<h2 class=\"wp-block-heading\"><a href=\"https:\/\/unverredeau.com\/en\/articles-association-noc\/\">R\u00eaver en arts plastiques, c&rsquo;est r\u00eaver la vie<\/a><\/h2>\n\n\n\n<p class=\"has-small-font-size wp-block-paragraph\"><em>21 Septembre 2022<\/em><\/p>\n\n\n\n<p class=\"wp-block-paragraph\" style=\"font-size:16px\">L\u2019association NOC ! organise, anime et cr\u00e9\u00e9 des ateliers d\u2019arts plastiques dans les h\u00f4pitaux de Paris, \u00e0 destination des enfants et des adolescents hospitalis\u00e9s pour une tr\u00e8s longue dur\u00e9e. <\/p>\n\n\n\n<p class=\"wp-block-paragraph\" style=\"font-size:16px\"><strong>Ces ateliers d\u2019arts plastiques ont pour objectif d\u2019offrir une fen\u00eatre d\u2019imagination, de cr\u00e9ativit\u00e9 et d\u2019expression, leur donnant un moment d\u2019\u00e9vasion tout au long de leur traitement.<\/strong><\/p>\n<\/div>\n\n\n\n<div class=\"wp-block-column is-layout-flow wp-block-column-is-layout-flow\">\n<figure class=\"wp-block-image size-large\"><a href=\"https:\/\/unverredeau.com\/en\/articles-madagascar-apres-la-tempete\/\"><img loading=\"lazy\" decoding=\"async\" width=\"529\" height=\"530\" data-attachment-id=\"5730\" data-permalink=\"https:\/\/unverredeau.com\/en\/image1170x530cropped-2\/\" data-orig-file=\"https:\/\/unverredeau.com\/wp-content\/uploads\/2022\/09\/image1170x530cropped-edited.jpg\" data-orig-size=\"529,530\" data-comments-opened=\"1\" data-image-meta=\"{&quot;aperture&quot;:&quot;0&quot;,&quot;credit&quot;:&quot;&quot;,&quot;camera&quot;:&quot;&quot;,&quot;caption&quot;:&quot;&quot;,&quot;created_timestamp&quot;:&quot;0&quot;,&quot;copyright&quot;:&quot;&quot;,&quot;focal_length&quot;:&quot;0&quot;,&quot;iso&quot;:&quot;0&quot;,&quot;shutter_speed&quot;:&quot;0&quot;,&quot;title&quot;:&quot;&quot;,&quot;orientation&quot;:&quot;0&quot;}\" data-image-title=\"image1170x530cropped\" data-image-description=\"\" data-image-caption=\"\" data-large-file=\"https:\/\/unverredeau.com\/wp-content\/uploads\/2022\/09\/image1170x530cropped-edited.jpg\" src=\"https:\/\/unverredeau.com\/wp-content\/uploads\/2022\/09\/image1170x530cropped-edited.jpg\" alt=\"\" class=\"wp-image-5730\" srcset=\"https:\/\/unverredeau.com\/wp-content\/uploads\/2022\/09\/image1170x530cropped-edited.jpg 529w, https:\/\/unverredeau.com\/wp-content\/uploads\/2022\/09\/image1170x530cropped-edited-300x300.jpg 300w, https:\/\/unverredeau.com\/wp-content\/uploads\/2022\/09\/image1170x530cropped-edited-150x150.jpg?crop=1 150w, https:\/\/unverredeau.com\/wp-content\/uploads\/2022\/09\/image1170x530cropped-edited-400x400.jpg?crop=1 400w, https:\/\/unverredeau.com\/wp-content\/uploads\/2022\/09\/image1170x530cropped-edited-200x200.jpg?crop=1 200w\" sizes=\"auto, (max-width: 529px) 100vw, 529px\" \/><\/a><\/figure>\n\n\n\n<div style=\"height:30px\" aria-hidden=\"true\" class=\"wp-block-spacer\"><\/div>\n\n\n\n<h2 class=\"wp-block-heading\"><a href=\"https:\/\/unverredeau.com\/en\/articles-madagascar-apres-la-tempete\/\">Madagascar: Apr\u00e8s la temp\u00eate !<\/a><\/h2>\n\n\n\n<p class=\"has-small-font-size wp-block-paragraph\"><em>29 Juillet 2022<\/em><\/p>\n\n\n\n<p class=\"wp-block-paragraph\" style=\"font-size:16px\">En seulement un mois, trois cyclones se sont abattus sur l&rsquo;\u00eele de Madagascar. Des milliers de familles se sont subitement retrouv\u00e9s dans le besoin mais <strong>gr\u00e2ce \u00e0 votre g\u00e9n\u00e9rosit\u00e9, elles peuvent aujourd&rsquo;hui envisager un avenir !<\/strong><\/p>\n<\/div>\n\n\n\n<div class=\"wp-block-column is-layout-flow wp-block-column-is-layout-flow\">\n<figure class=\"wp-block-image size-large\"><a href=\"https:\/\/unverredeau.com\/en\/articles-ukraine-vers-une-crise-alimentaire-mondiale\/\"><img loading=\"lazy\" decoding=\"async\" width=\"2965\" height=\"2967\" data-attachment-id=\"5831\" data-permalink=\"https:\/\/unverredeau.com\/en\/ukrainewheatfieldearsskycloudsflagnationalcolorsyellow-blue-2\/\" data-orig-file=\"https:\/\/unverredeau.com\/wp-content\/uploads\/2022\/09\/shutterstock_2132109959-edited.jpg\" data-orig-size=\"2965,2967\" data-comments-opened=\"1\" data-image-meta=\"{&quot;aperture&quot;:&quot;0&quot;,&quot;credit&quot;:&quot;Shutterstock&quot;,&quot;camera&quot;:&quot;&quot;,&quot;caption&quot;:&quot;&quot;,&quot;created_timestamp&quot;:&quot;0&quot;,&quot;copyright&quot;:&quot;Copyright (c) 2022 Anna StN\/Shutterstock.  No use without permission.&quot;,&quot;focal_length&quot;:&quot;0&quot;,&quot;iso&quot;:&quot;0&quot;,&quot;shutter_speed&quot;:&quot;0&quot;,&quot;title&quot;:&quot;Ukraine,Wheat,Field,Ears,Sky,Clouds,Flag,National,Colors,Yellow-blue&quot;,&quot;orientation&quot;:&quot;1&quot;}\" data-image-title=\"Ukraine,Wheat,Field,Ears,Sky,Clouds,Flag,National,Colors,Yellow-blue\" data-image-description=\"\" data-image-caption=\"\" data-large-file=\"https:\/\/unverredeau.com\/wp-content\/uploads\/2022\/09\/shutterstock_2132109959-edited-1024x1024.jpg\" src=\"https:\/\/unverredeau.com\/wp-content\/uploads\/2022\/09\/shutterstock_2132109959-edited.jpg\" alt=\"\" class=\"wp-image-5831\" srcset=\"https:\/\/unverredeau.com\/wp-content\/uploads\/2022\/09\/shutterstock_2132109959-edited.jpg 2965w, https:\/\/unverredeau.com\/wp-content\/uploads\/2022\/09\/shutterstock_2132109959-edited-300x300.jpg 300w, https:\/\/unverredeau.com\/wp-content\/uploads\/2022\/09\/shutterstock_2132109959-edited-1024x1024.jpg 1024w, https:\/\/unverredeau.com\/wp-content\/uploads\/2022\/09\/shutterstock_2132109959-edited-150x150.jpg?crop=1 150w, https:\/\/unverredeau.com\/wp-content\/uploads\/2022\/09\/shutterstock_2132109959-edited-768x769.jpg 768w, https:\/\/unverredeau.com\/wp-content\/uploads\/2022\/09\/shutterstock_2132109959-edited-1536x1536.jpg 1536w, https:\/\/unverredeau.com\/wp-content\/uploads\/2022\/09\/shutterstock_2132109959-edited-2048x2048.jpg 2048w, https:\/\/unverredeau.com\/wp-content\/uploads\/2022\/09\/shutterstock_2132109959-edited-1200x1201.jpg 1200w, https:\/\/unverredeau.com\/wp-content\/uploads\/2022\/09\/shutterstock_2132109959-edited-800x800.jpg?crop=1 800w, https:\/\/unverredeau.com\/wp-content\/uploads\/2022\/09\/shutterstock_2132109959-edited-400x400.jpg?crop=1 400w, https:\/\/unverredeau.com\/wp-content\/uploads\/2022\/09\/shutterstock_2132109959-edited-200x200.jpg?crop=1 200w\" sizes=\"auto, (max-width: 2965px) 100vw, 2965px\" \/><\/a><\/figure>\n\n\n\n<div style=\"height:30px\" aria-hidden=\"true\" class=\"wp-block-spacer\"><\/div>\n\n\n\n<h2 class=\"wp-block-heading\"><a href=\"https:\/\/unverredeau.com\/en\/articles-ukraine-vers-une-crise-alimentaire-mondiale\/\">Ukraine: L&rsquo;aube d&rsquo;une crise alimentaire mondiale !<\/a><\/h2>\n\n\n\n<p class=\"has-small-font-size wp-block-paragraph\"><em>25 Juin 2022<\/em><\/p>\n\n\n\n<p class=\"wp-block-paragraph\" style=\"font-size:16px\">La guerre en Ukraine a provoqu\u00e9 une crise humanitaire sans pr\u00e9c\u00e9dent en Europe, 5.9 millions d\u2019Ukrainiens ont quitt\u00e9 le pays (principalement des femmes et des enfants).<\/p>\n\n\n\n<p class=\"wp-block-paragraph\" style=\"font-size:16px\"><strong>Mais cette guerre n&rsquo;a pas que des r\u00e9percutions en Europe, elle risque de provoquer une crise alimentaire majeur en Afrique du Nord et au Moyen-Orient !<\/strong><\/p>\n<\/div>\n<\/div>\n\n\n\n<div style=\"height:50px\" aria-hidden=\"true\" class=\"wp-block-spacer\"><\/div>","protected":false},"excerpt":{"rendered":"","protected":false},"author":206570806,"featured_media":0,"parent":0,"menu_order":0,"comment_status":"closed","ping_status":"closed","template":"","meta":{"_eb_attr":"","_wpcom_ai_launchpad_about_page":false,"_wpcom_ai_launchpad_gallery_page":false,"_wpcom_ai_launchpad_contact_page":false,"_wpcom_ai_launchpad_events_page":false,"_wpcom_ai_launchpad_video_page":false,"_wpcom_ai_launchpad_portfolio_piece":false,"footnotes":""},"class_list":["post-5723","page","type-page","status-publish"],"jetpack_sharing_enabled":true,"jetpack_shortlink":"https:\/\/wp.me\/Pd4Q5h-1uj","_links":{"self":[{"href":"https:\/\/unverredeau.com\/en\/wp-json\/wp\/v2\/pages\/5723","targetHints":{"allow":["GET"]}}],"collection":[{"href":"https:\/\/unverredeau.com\/en\/wp-json\/wp\/v2\/pages"}],"about":[{"href":"https:\/\/unverredeau.com\/en\/wp-json\/wp\/v2\/types\/page"}],"author":[{"embeddable":true,"href":"https:\/\/unverredeau.com\/en\/wp-json\/wp\/v2\/users\/206570806"}],"replies":[{"embeddable":true,"href":"https:\/\/unverredeau.com\/en\/wp-json\/wp\/v2\/comments?post=5723"}],"version-history":[{"count":40,"href":"https:\/\/unverredeau.com\/en\/wp-json\/wp\/v2\/pages\/5723\/revisions"}],"predecessor-version":[{"id":14033,"href":"https:\/\/unverredeau.com\/en\/wp-json\/wp\/v2\/pages\/5723\/revisions\/14033"}],"wp:attachment":[{"href":"https:\/\/unverredeau.com\/en\/wp-json\/wp\/v2\/media?parent=5723"}],"curies":[{"name":"wp","href":"https:\/\/api.w.org\/{rel}","templated":true}]}}